{"id":149,"date":"2024-05-31T22:16:41","date_gmt":"2024-05-31T22:16:41","guid":{"rendered":"https:\/\/dev.urbanosclub.com\/?page_id=149"},"modified":"2025-03-10T05:29:37","modified_gmt":"2025-03-10T05:29:37","slug":"inicio","status":"publish","type":"page","link":"https:\/\/dev.urbanosclub.com\/?page_id=149","title":{"rendered":"Inicio"},"content":{"rendered":"\t\t<div data-elementor-type=\"wp-page\" data-elementor-id=\"149\" class=\"elementor elementor-149\" data-elementor-post-type=\"page\">\n\t\t\t\t<div class=\"elementor-element elementor-element-b28dfb4 e-con-full e-flex e-con e-parent\" data-id=\"b28dfb4\" data-element_type=\"container\" data-settings=\"{&quot;jet_parallax_layout_list&quot;:[]}\">\n\t\t<div class=\"elementor-element elementor-element-81ba8e5 e-con-full e-flex e-con e-child\" data-id=\"81ba8e5\" data-element_type=\"container\" data-settings=\"{&quot;background_background&quot;:&quot;slideshow&quot;,&quot;background_slideshow_gallery&quot;:[{&quot;id&quot;:1107,&quot;url&quot;:&quot;https:\\\/\\\/dev.urbanosclub.com\\\/wp-content\\\/uploads\\\/2025\\\/03\\\/Jungla-urbanos.png&quot;}],&quot;jet_parallax_layout_list&quot;:[],&quot;background_slideshow_loop&quot;:&quot;yes&quot;,&quot;background_slideshow_slide_duration&quot;:5000,&quot;background_slideshow_slide_transition&quot;:&quot;fade&quot;,&quot;background_slideshow_transition_duration&quot;:500}\">\n\t\t<div class=\"elementor-element elementor-element-7bbdab3 e-flex e-con-boxed e-con e-child\" data-id=\"7bbdab3\" data-element_type=\"container\" data-settings=\"{&quot;jet_parallax_layout_list&quot;:[]}\">\n\t\t\t\t\t<div class=\"e-con-inner\">\n\t\t<div class=\"elementor-element elementor-element-34e7e6f e-con-full e-flex e-con e-child\" data-id=\"34e7e6f\" data-element_type=\"container\" data-settings=\"{&quot;jet_parallax_layout_list&quot;:[]}\">\n\t\t\t\t<div class=\"elementor-element elementor-element-9275c57 elementor-widget elementor-widget-heading\" data-id=\"9275c57\" data-element_type=\"widget\" data-widget_type=\"heading.default\">\n\t\t\t\t<div class=\"elementor-widget-container\">\n\t\t\t\t\t<h2 class=\"elementor-heading-title elementor-size-default\">Somos Urbanos el primer centro de belleza org\u00e1nico en Ecuador.<\/h2>\t\t\t\t<\/div>\n\t\t\t\t<\/div>\n\t\t\t\t<\/div>\n\t\t<div class=\"elementor-element elementor-element-39c32b8 e-flex e-con-boxed e-con e-child\" data-id=\"39c32b8\" data-element_type=\"container\" data-settings=\"{&quot;jet_parallax_layout_list&quot;:[]}\">\n\t\t\t\t\t<div class=\"e-con-inner\">\n\t\t<div class=\"elementor-element elementor-element-20a5aa5 e-flex e-con-boxed e-con e-child\" data-id=\"20a5aa5\" data-element_type=\"container\" data-settings=\"{&quot;background_background&quot;:&quot;classic&quot;,&quot;jet_parallax_layout_list&quot;:[]}\">\n\t\t\t\t\t<div class=\"e-con-inner\">\n\t\t\t\t<div class=\"elementor-element elementor-element-969af30 elementor-widget elementor-widget-heading\" data-id=\"969af30\" data-element_type=\"widget\" data-widget_type=\"heading.default\">\n\t\t\t\t<div class=\"elementor-widget-container\">\n\t\t\t\t\t<h6 class=\"elementor-heading-title elementor-size-default\">Reservas <\/h6>\t\t\t\t<\/div>\n\t\t\t\t<\/div>\n\t\t\t\t<div class=\"elementor-element elementor-element-7737f79 elementor-align-justify elementor-widget elementor-widget-button\" data-id=\"7737f79\" data-element_type=\"widget\" data-widget_type=\"button.default\">\n\t\t\t\t<div class=\"elementor-widget-container\">\n\t\t\t\t\t\t\t\t\t<div class=\"elementor-button-wrapper\">\n\t\t\t\t\t<a class=\"elementor-button elementor-button-link elementor-size-sm\" href=\"#\">\n\t\t\t\t\t\t<span class=\"elementor-button-content-wrapper\">\n\t\t\t\t\t\t\t\t\t<span class=\"elementor-button-text\">Reservar ahora<\/span>\n\t\t\t\t\t<\/span>\n\t\t\t\t\t<\/a>\n\t\t\t\t<\/div>\n\t\t\t\t\t\t\t\t<\/div>\n\t\t\t\t<\/div>\n\t\t\t\t<div class=\"elementor-element elementor-element-2c9d66e elementor-align-justify elementor-widget elementor-widget-button\" data-id=\"2c9d66e\" data-element_type=\"widget\" data-widget_type=\"button.default\">\n\t\t\t\t<div class=\"elementor-widget-container\">\n\t\t\t\t\t\t\t\t\t<div class=\"elementor-button-wrapper\">\n\t\t\t\t\t<a class=\"elementor-button elementor-button-link elementor-size-sm\" href=\"#\">\n\t\t\t\t\t\t<span class=\"elementor-button-content-wrapper\">\n\t\t\t\t\t\t<span class=\"elementor-button-icon\">\n\t\t\t\t<svg aria-hidden=\"true\" class=\"e-font-icon-svg e-fab-whatsapp\" viewBox=\"0 0 448 512\" xmlns=\"http:\/\/www.w3.org\/2000\/svg\"><path d=\"M380.9 97.1C339 55.1 283.2 32 223.9 32c-122.4 0-222 99.6-222 222 0 39.1 10.2 77.3 29.6 111L0 480l117.7-30.9c32.4 17.7 68.9 27 106.1 27h.1c122.3 0 224.1-99.6 224.1-222 0-59.3-25.2-115-67.1-157zm-157 341.6c-33.2 0-65.7-8.9-94-25.7l-6.7-4-69.8 18.3L72 359.2l-4.4-7c-18.5-29.4-28.2-63.3-28.2-98.2 0-101.7 82.8-184.5 184.6-184.5 49.3 0 95.6 19.2 130.4 54.1 34.8 34.9 56.2 81.2 56.1 130.5 0 101.8-84.9 184.6-186.6 184.6zm101.2-138.2c-5.5-2.8-32.8-16.2-37.9-18-5.1-1.9-8.8-2.8-12.5 2.8-3.7 5.6-14.3 18-17.6 21.8-3.2 3.7-6.5 4.2-12 1.4-32.6-16.3-54-29.1-75.5-66-5.7-9.8 5.7-9.1 16.3-30.3 1.8-3.7.9-6.9-.5-9.7-1.4-2.8-12.5-30.1-17.1-41.2-4.5-10.8-9.1-9.3-12.5-9.5-3.2-.2-6.9-.2-10.6-.2-3.7 0-9.7 1.4-14.8 6.9-5.1 5.6-19.4 19-19.4 46.3 0 27.3 19.9 53.7 22.6 57.4 2.8 3.7 39.1 59.7 94.8 83.8 35.2 15.2 49 16.5 66.6 13.9 10.7-1.6 32.8-13.4 37.4-26.4 4.6-13 4.6-24.1 3.2-26.4-1.3-2.5-5-3.9-10.5-6.6z\"><\/path><\/svg>\t\t\t<\/span>\n\t\t\t\t\t\t\t\t\t<span class=\"elementor-button-text\">WhatsApp<\/span>\n\t\t\t\t\t<\/span>\n\t\t\t\t\t<\/a>\n\t\t\t\t<\/div>\n\t\t\t\t\t\t\t\t<\/div>\n\t\t\t\t<\/div>\n\t\t\t\t<div class=\"elementor-element elementor-element-70db54e elementor-widget elementor-widget-text-editor\" data-id=\"70db54e\" data-element_type=\"widget\" data-widget_type=\"text-editor.default\">\n\t\t\t\t<div class=\"elementor-widget-container\">\n\t\t\t\t\t\t\t\t\t<p>Ver horarios<\/p>\t\t\t\t\t\t\t\t<\/div>\n\t\t\t\t<\/div>\n\t\t\t\t\t<\/div>\n\t\t\t\t<\/div>\n\t\t<div class=\"elementor-element elementor-element-f25c3ab e-flex e-con-boxed e-con e-child\" data-id=\"f25c3ab\" data-element_type=\"container\" data-settings=\"{&quot;background_background&quot;:&quot;classic&quot;,&quot;jet_parallax_layout_list&quot;:[]}\">\n\t\t\t\t\t<div class=\"e-con-inner\">\n\t\t\t\t<div class=\"elementor-element elementor-element-85a22b6 elementor-widget elementor-widget-heading\" data-id=\"85a22b6\" data-element_type=\"widget\" data-widget_type=\"heading.default\">\n\t\t\t\t<div class=\"elementor-widget-container\">\n\t\t\t\t\t<h6 class=\"elementor-heading-title elementor-size-default\">Direcci\u00f3n<\/h6>\t\t\t\t<\/div>\n\t\t\t\t<\/div>\n\t\t\t\t<div class=\"elementor-element elementor-element-656d4da elementor-align-justify elementor-widget elementor-widget-button\" data-id=\"656d4da\" data-element_type=\"widget\" data-widget_type=\"button.default\">\n\t\t\t\t<div class=\"elementor-widget-container\">\n\t\t\t\t\t\t\t\t\t<div class=\"elementor-button-wrapper\">\n\t\t\t\t\t<a class=\"elementor-button elementor-button-link elementor-size-sm\" href=\"#\">\n\t\t\t\t\t\t<span class=\"elementor-button-content-wrapper\">\n\t\t\t\t\t\t<span class=\"elementor-button-icon\">\n\t\t\t\t<svg aria-hidden=\"true\" class=\"e-font-icon-svg e-fas-map-marker-alt\" viewBox=\"0 0 384 512\" xmlns=\"http:\/\/www.w3.org\/2000\/svg\"><path d=\"M172.268 501.67C26.97 291.031 0 269.413 0 192 0 85.961 85.961 0 192 0s192 85.961 192 192c0 77.413-26.97 99.031-172.268 309.67-9.535 13.774-29.93 13.773-39.464 0zM192 272c44.183 0 80-35.817 80-80s-35.817-80-80-80-80 35.817-80 80 35.817 80 80 80z\"><\/path><\/svg>\t\t\t<\/span>\n\t\t\t\t\t\t\t\t\t<span class=\"elementor-button-text\">Google maps<\/span>\n\t\t\t\t\t<\/span>\n\t\t\t\t\t<\/a>\n\t\t\t\t<\/div>\n\t\t\t\t\t\t\t\t<\/div>\n\t\t\t\t<\/div>\n\t\t\t\t<div class=\"elementor-element elementor-element-bb892d9 elementor-widget elementor-widget-text-editor\" data-id=\"bb892d9\" data-element_type=\"widget\" data-widget_type=\"text-editor.default\">\n\t\t\t\t<div class=\"elementor-widget-container\">\n\t\t\t\t\t\t\t\t\t<p lang=\"es-TRAD\" style=\"margin: 0in; font-family: Calibri; font-size: 11.0pt;\">La Tierra E10-08 y Juan de Alc\u00e1ntara (Quito -Ecuador)<\/p>\t\t\t\t\t\t\t\t<\/div>\n\t\t\t\t<\/div>\n\t\t\t\t\t<\/div>\n\t\t\t\t<\/div>\n\t\t\t\t\t<\/div>\n\t\t\t\t<\/div>\n\t\t<div class=\"elementor-element elementor-element-6208f43 e-con-full e-flex e-con e-child\" data-id=\"6208f43\" data-element_type=\"container\" data-settings=\"{&quot;jet_parallax_layout_list&quot;:[]}\">\n\t\t\t\t<div class=\"elementor-element elementor-element-ef2e937 elementor-widget elementor-widget-heading\" data-id=\"ef2e937\" data-element_type=\"widget\" data-widget_type=\"heading.default\">\n\t\t\t\t<div class=\"elementor-widget-container\">\n\t\t\t\t\t<p class=\"elementor-heading-title elementor-size-default\">Urbanos, con m\u00e1s de 15 a\u00f1os en Quito, es un centro de belleza integral donde tu imagen refleja qui\u00e9n eres. Con un enfoque natural y sin qu\u00edmicos agresivos, ofrecemos peluquer\u00eda, barber\u00eda, spa, bronceado y est\u00e9tica, adaptando cada servicio a tu profesi\u00f3n y estilo. Aqu\u00ed, realzamos tu esencia para que proyectes tu mejor versi\u00f3n de forma aut\u00e9ntica y saludable.<\/p>\t\t\t\t<\/div>\n\t\t\t\t<\/div>\n\t\t\t\t<\/div>\n\t\t\t\t\t<\/div>\n\t\t\t\t<\/div>\n\t\t\t\t<\/div>\n\t\t<div class=\"elementor-element elementor-element-01b9b7f e-flex e-con-boxed e-con e-child\" data-id=\"01b9b7f\" data-element_type=\"container\" data-settings=\"{&quot;jet_parallax_layout_list&quot;:[],&quot;background_background&quot;:&quot;classic&quot;}\">\n\t\t\t\t\t<div class=\"e-con-inner\">\n\t\t<div class=\"elementor-element elementor-element-052978e e-flex e-con-boxed e-con e-child\" data-id=\"052978e\" data-element_type=\"container\" data-settings=\"{&quot;jet_parallax_layout_list&quot;:[]}\">\n\t\t\t\t\t<div class=\"e-con-inner\">\n\t\t\t\t<div class=\"elementor-element elementor-element-7e790be elementor-widget elementor-widget-image-carousel\" data-id=\"7e790be\" data-element_type=\"widget\" data-settings=\"{&quot;slides_to_show&quot;:&quot;4&quot;,&quot;slides_to_show_mobile&quot;:&quot;2&quot;,&quot;navigation&quot;:&quot;none&quot;,&quot;autoplay&quot;:&quot;yes&quot;,&quot;pause_on_hover&quot;:&quot;yes&quot;,&quot;pause_on_interaction&quot;:&quot;yes&quot;,&quot;autoplay_speed&quot;:5000,&quot;infinite&quot;:&quot;yes&quot;,&quot;speed&quot;:500}\" data-widget_type=\"image-carousel.default\">\n\t\t\t\t<div class=\"elementor-widget-container\">\n\t\t\t\t\t\t\t<div class=\"elementor-image-carousel-wrapper swiper\" role=\"region\" aria-roledescription=\"carousel\" aria-label=\"Carrusel de im\u00e1genes\" dir=\"ltr\">\n\t\t\t<div class=\"elementor-image-carousel swiper-wrapper\" aria-live=\"off\">\n\t\t\t\t\t\t\t\t<div class=\"swiper-slide\" role=\"group\" aria-roledescription=\"slide\" aria-label=\"1 of 5\"><figure class=\"swiper-slide-inner\"><img decoding=\"async\" class=\"swiper-slide-image\" src=\"https:\/\/dev.urbanosclub.com\/wp-content\/uploads\/elementor\/thumbs\/Schwarzkopf-qoznfw4ul19lwovff0kni46s8to08qb5u67u6km8z8.png\" alt=\"Urbanos trabaja con las mejores marcas del mercado para garantizar nuestros proceso\" \/><\/figure><\/div><div class=\"swiper-slide\" role=\"group\" aria-roledescription=\"slide\" aria-label=\"2 of 5\"><figure class=\"swiper-slide-inner\"><img decoding=\"async\" class=\"swiper-slide-image\" src=\"https:\/\/dev.urbanosclub.com\/wp-content\/uploads\/elementor\/thumbs\/Olaplex-qoznftbc0j5qxuzivhcrsmwego1wlmzyts9dqqqfhw.png\" alt=\"Urbanos trabaja con las mejores marcas del mercado para garantizar nuestros proceso\" \/><\/figure><\/div><div class=\"swiper-slide\" role=\"group\" aria-roledescription=\"slide\" aria-label=\"3 of 5\"><figure class=\"swiper-slide-inner\"><img decoding=\"async\" class=\"swiper-slide-image\" src=\"https:\/\/dev.urbanosclub.com\/wp-content\/uploads\/elementor\/thumbs\/Loreal-qoznfqhtg11vz13mby4w35m0oifsyjorteaxawum0k.png\" alt=\"Urbanos trabaja con las mejores marcas del mercado para garantizar nuestros proceso\" \/><\/figure><\/div><div class=\"swiper-slide\" role=\"group\" aria-roledescription=\"slide\" aria-label=\"4 of 5\"><figure class=\"swiper-slide-inner\"><img decoding=\"async\" class=\"swiper-slide-image\" src=\"https:\/\/dev.urbanosclub.com\/wp-content\/uploads\/elementor\/thumbs\/Inebrya-logo-qoznfnoaviy1077psex0dobmwctpbgdkt0cgv2ysj8.png\" alt=\"Urbanos trabaja con las mejores marcas del mercado para garantizar nuestros proceso\" \/><\/figure><\/div><div class=\"swiper-slide\" role=\"group\" aria-roledescription=\"slide\" aria-label=\"5 of 5\"><figure class=\"swiper-slide-inner\"><img decoding=\"async\" class=\"swiper-slide-image\" src=\"https:\/\/dev.urbanosclub.com\/wp-content\/uploads\/elementor\/thumbs\/alterego-logo-qoznfiz3xcrle5ejjuvvj7ibxfgv8yux4d31gp5rec.png\" alt=\"Urbanos trabaja con las mejores marcas del mercado para garantizar nuestros proceso\" \/><\/figure><\/div>\t\t\t<\/div>\n\t\t\t\t\t\t\t\n\t\t\t\t\t\t\t\t\t<\/div>\n\t\t\t\t\t\t<\/div>\n\t\t\t\t<\/div>\n\t\t\t\t\t<\/div>\n\t\t\t\t<\/div>\n\t\t\t\t\t<\/div>\n\t\t\t\t<\/div>\n\t\t<div class=\"elementor-element elementor-element-fddb9ef e-con-full e-flex e-con e-child\" data-id=\"fddb9ef\" data-element_type=\"container\" data-settings=\"{&quot;background_background&quot;:&quot;classic&quot;,&quot;jet_parallax_layout_list&quot;:[]}\">\n\t\t<div class=\"elementor-element elementor-element-b9ecb91 e-flex e-con-boxed e-con e-child\" data-id=\"b9ecb91\" data-element_type=\"container\" data-settings=\"{&quot;jet_parallax_layout_list&quot;:[]}\">\n\t\t\t\t\t<div class=\"e-con-inner\">\n\t\t\t\t<div class=\"elementor-element elementor-element-87163b8 elementor--h-position-center elementor--v-position-middle elementor-arrows-position-inside elementor-pagination-position-inside elementor-widget elementor-widget-slides\" data-id=\"87163b8\" data-element_type=\"widget\" data-settings=\"{&quot;navigation&quot;:&quot;both&quot;,&quot;autoplay&quot;:&quot;yes&quot;,&quot;pause_on_hover&quot;:&quot;yes&quot;,&quot;pause_on_interaction&quot;:&quot;yes&quot;,&quot;autoplay_speed&quot;:5000,&quot;infinite&quot;:&quot;yes&quot;,&quot;transition&quot;:&quot;slide&quot;,&quot;transition_speed&quot;:500}\" data-widget_type=\"slides.default\">\n\t\t\t\t<div class=\"elementor-widget-container\">\n\t\t\t\t\t\t\t\t\t<div class=\"elementor-swiper\">\n\t\t\t\t\t<div class=\"elementor-slides-wrapper elementor-main-swiper swiper\" role=\"region\" aria-roledescription=\"carousel\" aria-label=\"Slides\" dir=\"ltr\" data-animation=\"fadeInUp\">\n\t\t\t\t<div class=\"swiper-wrapper elementor-slides\">\n\t\t\t\t\t\t\t\t\t\t<div class=\"elementor-repeater-item-310e2fd swiper-slide\" role=\"group\" aria-roledescription=\"slide\"><div class=\"swiper-slide-bg\"><\/div><div class=\"swiper-slide-inner\" ><div class=\"swiper-slide-contents\"><div class=\"elementor-slide-heading\">10% Dsto<\/div><div class=\"elementor-slide-description\">Por tu agendamiento online<\/div><div  class=\"elementor-button elementor-slide-button elementor-size-sm\">Reservar servicio<\/div><\/div><\/div><\/div><div class=\"elementor-repeater-item-3530eb0 swiper-slide\" role=\"group\" aria-roledescription=\"slide\"><div class=\"swiper-slide-bg\" role=\"img\" aria-label=\"Bar cafeter\u00eda en Urbanos \/ Quito Ecuador\"><\/div><div class=\"elementor-background-overlay\"><\/div><div class=\"swiper-slide-inner\" ><div class=\"swiper-slide-contents\"><div class=\"elementor-slide-heading\">Bar cafeter\u00eda<\/div><div class=\"elementor-slide-description\">PR\u00d3XIMAMENTE<\/div><\/div><\/div><\/div>\t\t\t\t<\/div>\n\t\t\t\t\t\t\t\t\t\t\t\t\t\t\t<div class=\"elementor-swiper-button elementor-swiper-button-prev\" role=\"button\" tabindex=\"0\" aria-label=\"Previous slide\">\n\t\t\t\t\t\t\t<svg aria-hidden=\"true\" class=\"e-font-icon-svg e-eicon-chevron-left\" viewBox=\"0 0 1000 1000\" xmlns=\"http:\/\/www.w3.org\/2000\/svg\"><path d=\"M646 125C629 125 613 133 604 142L308 442C296 454 292 471 292 487 292 504 296 521 308 533L604 854C617 867 629 875 646 875 663 875 679 871 692 858 704 846 713 829 713 812 713 796 708 779 692 767L438 487 692 225C700 217 708 204 708 187 708 171 704 154 692 142 675 129 663 125 646 125Z\"><\/path><\/svg>\t\t\t\t\t\t<\/div>\n\t\t\t\t\t\t<div class=\"elementor-swiper-button elementor-swiper-button-next\" role=\"button\" tabindex=\"0\" aria-label=\"Next slide\">\n\t\t\t\t\t\t\t<svg aria-hidden=\"true\" class=\"e-font-icon-svg e-eicon-chevron-right\" viewBox=\"0 0 1000 1000\" xmlns=\"http:\/\/www.w3.org\/2000\/svg\"><path d=\"M696 533C708 521 713 504 713 487 713 471 708 454 696 446L400 146C388 133 375 125 354 125 338 125 325 129 313 142 300 154 292 171 292 187 292 204 296 221 308 233L563 492 304 771C292 783 288 800 288 817 288 833 296 850 308 863 321 871 338 875 354 875 371 875 388 867 400 854L696 533Z\"><\/path><\/svg>\t\t\t\t\t\t<\/div>\n\t\t\t\t\t\t\t\t\t\t\t\t\t\t\t\t<div class=\"swiper-pagination\"><\/div>\n\t\t\t\t\t\t\t\t\t\t\t\t<\/div>\n\t\t\t\t<\/div>\n\t\t\t\t\t\t\t\t<\/div>\n\t\t\t\t<\/div>\n\t\t\t\t\t<\/div>\n\t\t\t\t<\/div>\n\t\t\t\t<\/div>\n\t\t<div class=\"elementor-element elementor-element-3364680 e-flex e-con-boxed e-con e-child\" data-id=\"3364680\" data-element_type=\"container\" data-settings=\"{&quot;background_background&quot;:&quot;classic&quot;,&quot;jet_parallax_layout_list&quot;:[]}\">\n\t\t\t\t\t<div class=\"e-con-inner\">\n\t\t<div class=\"elementor-element elementor-element-900e4ad e-flex e-con-boxed e-con e-child\" data-id=\"900e4ad\" data-element_type=\"container\" data-settings=\"{&quot;jet_parallax_layout_list&quot;:[]}\">\n\t\t\t\t\t<div class=\"e-con-inner\">\n\t\t\t\t<div class=\"elementor-element elementor-element-3bc8213 elementor-widget elementor-widget-heading\" data-id=\"3bc8213\" data-element_type=\"widget\" data-widget_type=\"heading.default\">\n\t\t\t\t<div class=\"elementor-widget-container\">\n\t\t\t\t\t<h2 class=\"elementor-heading-title elementor-size-default\">Nuestro equipo<\/h2>\t\t\t\t<\/div>\n\t\t\t\t<\/div>\n\t\t\t\t<div class=\"elementor-element elementor-element-5235e3f elementor-widget elementor-widget-text-editor\" data-id=\"5235e3f\" data-element_type=\"widget\" data-widget_type=\"text-editor.default\">\n\t\t\t\t<div class=\"elementor-widget-container\">\n\t\t\t\t\t\t\t\t\t<p>En Urbanos garantizamos nuestro trabajo con personal humano especializado.<\/p>\t\t\t\t\t\t\t\t<\/div>\n\t\t\t\t<\/div>\n\t\t\t\t\t<\/div>\n\t\t\t\t<\/div>\n\t\t<div class=\"elementor-element elementor-element-6b9db14 e-flex e-con-boxed e-con e-child\" data-id=\"6b9db14\" data-element_type=\"container\" data-settings=\"{&quot;jet_parallax_layout_list&quot;:[]}\">\n\t\t\t\t\t<div class=\"e-con-inner\">\n\t\t\t\t\t<\/div>\n\t\t\t\t<\/div>\n\t\t\t\t\t<\/div>\n\t\t\t\t<\/div>\n\t\t<div class=\"elementor-element elementor-element-5f9f739 e-flex e-con-boxed e-con e-child\" data-id=\"5f9f739\" data-element_type=\"container\" data-settings=\"{&quot;background_background&quot;:&quot;classic&quot;,&quot;jet_parallax_layout_list&quot;:[]}\">\n\t\t\t\t\t<div class=\"e-con-inner\">\n\t\t<div class=\"elementor-element elementor-element-0d65e09 e-flex e-con-boxed e-con e-child\" data-id=\"0d65e09\" data-element_type=\"container\" data-settings=\"{&quot;jet_parallax_layout_list&quot;:[]}\">\n\t\t\t\t\t<div class=\"e-con-inner\">\n\t\t\t\t<div class=\"elementor-element elementor-element-f564654 elementor-widget elementor-widget-heading\" data-id=\"f564654\" data-element_type=\"widget\" data-widget_type=\"heading.default\">\n\t\t\t\t<div class=\"elementor-widget-container\">\n\t\t\t\t\t<h2 class=\"elementor-heading-title elementor-size-default\">Instalaciones<\/h2>\t\t\t\t<\/div>\n\t\t\t\t<\/div>\n\t\t\t\t<div class=\"elementor-element elementor-element-7dfb7f0 elementor-widget elementor-widget-text-editor\" data-id=\"7dfb7f0\" data-element_type=\"widget\" data-widget_type=\"text-editor.default\">\n\t\t\t\t<div class=\"elementor-widget-container\">\n\t\t\t\t\t\t\t\t\t<p>Todo tu cuidado personal en un solo lugar<\/p>\t\t\t\t\t\t\t\t<\/div>\n\t\t\t\t<\/div>\n\t\t\t\t\t<\/div>\n\t\t\t\t<\/div>\n\t\t<div class=\"elementor-element elementor-element-18f0ed2 e-flex e-con-boxed e-con e-child\" data-id=\"18f0ed2\" data-element_type=\"container\" data-settings=\"{&quot;jet_parallax_layout_list&quot;:[]}\">\n\t\t\t\t\t<div class=\"e-con-inner\">\n\t\t\t\t<div class=\"elementor-element elementor-element-5b4d2f2 elementor-widget elementor-widget-gallery\" data-id=\"5b4d2f2\" data-element_type=\"widget\" data-settings=\"{&quot;overlay_title&quot;:&quot;title&quot;,&quot;gap&quot;:{&quot;unit&quot;:&quot;px&quot;,&quot;size&quot;:0,&quot;sizes&quot;:[]},&quot;columns_tablet&quot;:3,&quot;columns_mobile&quot;:3,&quot;gap_mobile&quot;:{&quot;unit&quot;:&quot;px&quot;,&quot;size&quot;:0,&quot;sizes&quot;:[]},&quot;lazyload&quot;:&quot;yes&quot;,&quot;gallery_layout&quot;:&quot;grid&quot;,&quot;columns&quot;:4,&quot;gap_tablet&quot;:{&quot;unit&quot;:&quot;px&quot;,&quot;size&quot;:10,&quot;sizes&quot;:[]},&quot;link_to&quot;:&quot;file&quot;,&quot;aspect_ratio&quot;:&quot;3:2&quot;,&quot;overlay_background&quot;:&quot;yes&quot;,&quot;content_hover_animation&quot;:&quot;fade-in&quot;}\" data-widget_type=\"gallery.default\">\n\t\t\t\t<div class=\"elementor-widget-container\">\n\t\t\t\t\t\t\t<div class=\"elementor-gallery__container\">\n\t\t\t\t\t\t\t<a class=\"e-gallery-item elementor-gallery-item elementor-animated-content\" href=\"https:\/\/dev.urbanosclub.com\/wp-content\/uploads\/2024\/07\/IMG_3552-scaled.jpg\" data-elementor-open-lightbox=\"yes\" data-elementor-lightbox-slideshow=\"5b4d2f2\" data-elementor-lightbox-title=\"Tinto de verano - Urbanos\" data-elementor-lightbox-description=\"Bar cafeter\u00eda en Urbanos, Tinto de vernano\" data-e-action-hash=\"#elementor-action%3Aaction%3Dlightbox%26settings%3DeyJpZCI6OTYzLCJ1cmwiOiJodHRwczpcL1wvZGV2LnVyYmFub3NjbHViLmNvbVwvd3AtY29udGVudFwvdXBsb2Fkc1wvMjAyNFwvMDdcL0lNR18zNTUyLXNjYWxlZC5qcGciLCJzbGlkZXNob3ciOiI1YjRkMmYyIn0%3D\">\n\t\t\t\t\t<div class=\"e-gallery-image elementor-gallery-item__image\" data-thumbnail=\"https:\/\/dev.urbanosclub.com\/wp-content\/uploads\/2024\/07\/IMG_3552-225x300.jpg\" data-width=\"225\" data-height=\"300\" aria-label=\"Bar cafeter\u00eda en Urbanos \/ Quito Ecuador\" role=\"img\" ><\/div>\n\t\t\t\t\t\t\t\t\t\t\t<div class=\"elementor-gallery-item__overlay\"><\/div>\n\t\t\t\t\t\t\t\t\t\t\t\t\t\t\t<div class=\"elementor-gallery-item__content\">\n\t\t\t\t\t\t\t\t\t\t\t\t\t\t<div class=\"elementor-gallery-item__title\">\n\t\t\t\t\t\t\t\t\t\t\t\t\t\t\t\t\t\tTinto de verano - Urbanos\t\t\t\t\t\t\t\t<\/div>\n\t\t\t\t\t\t\t\t\t\t\t\t<\/div>\n\t\t\t\t\t\t\t\t\t<\/a>\n\t\t\t\t\t\t\t<a class=\"e-gallery-item elementor-gallery-item elementor-animated-content\" href=\"https:\/\/dev.urbanosclub.com\/wp-content\/uploads\/2024\/07\/Captura-de-pantalla-2024-06-30-a-las-21.40.24.png\" data-elementor-open-lightbox=\"yes\" data-elementor-lightbox-slideshow=\"5b4d2f2\" data-elementor-lightbox-title=\"Areas verdes en Urbanos\" data-elementor-lightbox-description=\"Pinos en Urbanos Club\" data-e-action-hash=\"#elementor-action%3Aaction%3Dlightbox%26settings%3DeyJpZCI6OTYyLCJ1cmwiOiJodHRwczpcL1wvZGV2LnVyYmFub3NjbHViLmNvbVwvd3AtY29udGVudFwvdXBsb2Fkc1wvMjAyNFwvMDdcL0NhcHR1cmEtZGUtcGFudGFsbGEtMjAyNC0wNi0zMC1hLWxhcy0yMS40MC4yNC5wbmciLCJzbGlkZXNob3ciOiI1YjRkMmYyIn0%3D\">\n\t\t\t\t\t<div class=\"e-gallery-image elementor-gallery-item__image\" data-thumbnail=\"https:\/\/dev.urbanosclub.com\/wp-content\/uploads\/2024\/07\/Captura-de-pantalla-2024-06-30-a-las-21.40.24-300x199.png\" data-width=\"300\" data-height=\"199\" aria-label=\"Naturaleza en Urbanos\" role=\"img\" ><\/div>\n\t\t\t\t\t\t\t\t\t\t\t<div class=\"elementor-gallery-item__overlay\"><\/div>\n\t\t\t\t\t\t\t\t\t\t\t\t\t\t\t<div class=\"elementor-gallery-item__content\">\n\t\t\t\t\t\t\t\t\t\t\t\t\t\t<div class=\"elementor-gallery-item__title\">\n\t\t\t\t\t\t\t\t\t\t\t\t\t\t\t\t\t\tAreas verdes en Urbanos\t\t\t\t\t\t\t\t<\/div>\n\t\t\t\t\t\t\t\t\t\t\t\t<\/div>\n\t\t\t\t\t\t\t\t\t<\/a>\n\t\t\t\t\t\t\t<a class=\"e-gallery-item elementor-gallery-item elementor-animated-content\" href=\"https:\/\/dev.urbanosclub.com\/wp-content\/uploads\/2024\/07\/Captura-de-pantalla-2024-06-30-a-las-21.40.13.png\" data-elementor-open-lightbox=\"yes\" data-elementor-lightbox-slideshow=\"5b4d2f2\" data-elementor-lightbox-title=\"Techo estilo suizo en Urbanos\" data-elementor-lightbox-description=\"Mejor peluquer\u00eda en Ecuador\" data-e-action-hash=\"#elementor-action%3Aaction%3Dlightbox%26settings%3DeyJpZCI6OTYxLCJ1cmwiOiJodHRwczpcL1wvZGV2LnVyYmFub3NjbHViLmNvbVwvd3AtY29udGVudFwvdXBsb2Fkc1wvMjAyNFwvMDdcL0NhcHR1cmEtZGUtcGFudGFsbGEtMjAyNC0wNi0zMC1hLWxhcy0yMS40MC4xMy5wbmciLCJzbGlkZXNob3ciOiI1YjRkMmYyIn0%3D\">\n\t\t\t\t\t<div class=\"e-gallery-image elementor-gallery-item__image\" data-thumbnail=\"https:\/\/dev.urbanosclub.com\/wp-content\/uploads\/2024\/07\/Captura-de-pantalla-2024-06-30-a-las-21.40.13-300x199.png\" data-width=\"300\" data-height=\"199\" aria-label=\"Urbanos Quito Ecuador\" role=\"img\" ><\/div>\n\t\t\t\t\t\t\t\t\t\t\t<div class=\"elementor-gallery-item__overlay\"><\/div>\n\t\t\t\t\t\t\t\t\t\t\t\t\t\t\t<div class=\"elementor-gallery-item__content\">\n\t\t\t\t\t\t\t\t\t\t\t\t\t\t<div class=\"elementor-gallery-item__title\">\n\t\t\t\t\t\t\t\t\t\t\t\t\t\t\t\t\t\tTecho estilo suizo en Urbanos\t\t\t\t\t\t\t\t<\/div>\n\t\t\t\t\t\t\t\t\t\t\t\t<\/div>\n\t\t\t\t\t\t\t\t\t<\/a>\n\t\t\t\t\t\t\t<a class=\"e-gallery-item elementor-gallery-item elementor-animated-content\" href=\"https:\/\/dev.urbanosclub.com\/wp-content\/uploads\/2024\/07\/Captura-de-pantalla-2024-06-30-a-las-21.39.58.png\" data-elementor-open-lightbox=\"yes\" data-elementor-lightbox-slideshow=\"5b4d2f2\" data-elementor-lightbox-title=\"Tienda de cosm\u00e9ticos en Urbanos\" data-elementor-lightbox-description=\"Urbanos - Peluquer\u00eda, barber\u00eda y Spa en Quito Ecuador \" data-e-action-hash=\"#elementor-action%3Aaction%3Dlightbox%26settings%3DeyJpZCI6OTYwLCJ1cmwiOiJodHRwczpcL1wvZGV2LnVyYmFub3NjbHViLmNvbVwvd3AtY29udGVudFwvdXBsb2Fkc1wvMjAyNFwvMDdcL0NhcHR1cmEtZGUtcGFudGFsbGEtMjAyNC0wNi0zMC1hLWxhcy0yMS4zOS41OC5wbmciLCJzbGlkZXNob3ciOiI1YjRkMmYyIn0%3D\">\n\t\t\t\t\t<div class=\"e-gallery-image elementor-gallery-item__image\" data-thumbnail=\"https:\/\/dev.urbanosclub.com\/wp-content\/uploads\/2024\/07\/Captura-de-pantalla-2024-06-30-a-las-21.39.58-300x199.png\" data-width=\"300\" data-height=\"199\" aria-label=\"Productos de maquillaje y cuidado personal, tienda Urbanos en Quito Ecuador\" role=\"img\" ><\/div>\n\t\t\t\t\t\t\t\t\t\t\t<div class=\"elementor-gallery-item__overlay\"><\/div>\n\t\t\t\t\t\t\t\t\t\t\t\t\t\t\t<div class=\"elementor-gallery-item__content\">\n\t\t\t\t\t\t\t\t\t\t\t\t\t\t<div class=\"elementor-gallery-item__title\">\n\t\t\t\t\t\t\t\t\t\t\t\t\t\t\t\t\t\tTienda de cosm\u00e9ticos en Urbanos\t\t\t\t\t\t\t\t<\/div>\n\t\t\t\t\t\t\t\t\t\t\t\t<\/div>\n\t\t\t\t\t\t\t\t\t<\/a>\n\t\t\t\t\t\t\t<a class=\"e-gallery-item elementor-gallery-item elementor-animated-content\" href=\"https:\/\/dev.urbanosclub.com\/wp-content\/uploads\/2024\/07\/Captura-de-pantalla-2024-06-30-a-las-21.39.38.png\" data-elementor-open-lightbox=\"yes\" data-elementor-lightbox-slideshow=\"5b4d2f2\" data-elementor-lightbox-title=\"Sauna y Turco \/ Spa Urbanos\" data-elementor-lightbox-description=\"Urbanos - Peluquer\u00eda, barber\u00eda y Spa en Quito Ecuador \" data-e-action-hash=\"#elementor-action%3Aaction%3Dlightbox%26settings%3DeyJpZCI6OTU5LCJ1cmwiOiJodHRwczpcL1wvZGV2LnVyYmFub3NjbHViLmNvbVwvd3AtY29udGVudFwvdXBsb2Fkc1wvMjAyNFwvMDdcL0NhcHR1cmEtZGUtcGFudGFsbGEtMjAyNC0wNi0zMC1hLWxhcy0yMS4zOS4zOC5wbmciLCJzbGlkZXNob3ciOiI1YjRkMmYyIn0%3D\">\n\t\t\t\t\t<div class=\"e-gallery-image elementor-gallery-item__image\" data-thumbnail=\"https:\/\/dev.urbanosclub.com\/wp-content\/uploads\/2024\/07\/Captura-de-pantalla-2024-06-30-a-las-21.39.38-300x200.png\" data-width=\"300\" data-height=\"200\" aria-label=\"Masajes relajantes en Quito Ecuador\" role=\"img\" ><\/div>\n\t\t\t\t\t\t\t\t\t\t\t<div class=\"elementor-gallery-item__overlay\"><\/div>\n\t\t\t\t\t\t\t\t\t\t\t\t\t\t\t<div class=\"elementor-gallery-item__content\">\n\t\t\t\t\t\t\t\t\t\t\t\t\t\t<div class=\"elementor-gallery-item__title\">\n\t\t\t\t\t\t\t\t\t\t\t\t\t\t\t\t\t\tSauna y Turco \/ Spa Urbanos\t\t\t\t\t\t\t\t<\/div>\n\t\t\t\t\t\t\t\t\t\t\t\t<\/div>\n\t\t\t\t\t\t\t\t\t<\/a>\n\t\t\t\t\t\t\t<a class=\"e-gallery-item elementor-gallery-item elementor-animated-content\" href=\"https:\/\/dev.urbanosclub.com\/wp-content\/uploads\/2024\/07\/Captura-de-pantalla-2024-06-30-a-las-21.38.17.png\" data-elementor-open-lightbox=\"yes\" data-elementor-lightbox-slideshow=\"5b4d2f2\" data-elementor-lightbox-title=\"Spa Urbanos\" data-elementor-lightbox-description=\"Urbanos - Peluquer\u00eda, barber\u00eda y Spa en Quito Ecuador \" data-e-action-hash=\"#elementor-action%3Aaction%3Dlightbox%26settings%3DeyJpZCI6OTU4LCJ1cmwiOiJodHRwczpcL1wvZGV2LnVyYmFub3NjbHViLmNvbVwvd3AtY29udGVudFwvdXBsb2Fkc1wvMjAyNFwvMDdcL0NhcHR1cmEtZGUtcGFudGFsbGEtMjAyNC0wNi0zMC1hLWxhcy0yMS4zOC4xNy5wbmciLCJzbGlkZXNob3ciOiI1YjRkMmYyIn0%3D\">\n\t\t\t\t\t<div class=\"e-gallery-image elementor-gallery-item__image\" data-thumbnail=\"https:\/\/dev.urbanosclub.com\/wp-content\/uploads\/2024\/07\/Captura-de-pantalla-2024-06-30-a-las-21.38.17-300x200.png\" data-width=\"300\" data-height=\"200\" aria-label=\"Masajes relajantes en Quito Ecuador\" role=\"img\" ><\/div>\n\t\t\t\t\t\t\t\t\t\t\t<div class=\"elementor-gallery-item__overlay\"><\/div>\n\t\t\t\t\t\t\t\t\t\t\t\t\t\t\t<div class=\"elementor-gallery-item__content\">\n\t\t\t\t\t\t\t\t\t\t\t\t\t\t<div class=\"elementor-gallery-item__title\">\n\t\t\t\t\t\t\t\t\t\t\t\t\t\t\t\t\t\tSpa Urbanos\t\t\t\t\t\t\t\t<\/div>\n\t\t\t\t\t\t\t\t\t\t\t\t<\/div>\n\t\t\t\t\t\t\t\t\t<\/a>\n\t\t\t\t\t\t\t<a class=\"e-gallery-item elementor-gallery-item elementor-animated-content\" href=\"https:\/\/dev.urbanosclub.com\/wp-content\/uploads\/2024\/07\/Captura-de-pantalla-2024-06-30-a-las-21.38.06.png\" data-elementor-open-lightbox=\"yes\" data-elementor-lightbox-slideshow=\"5b4d2f2\" data-elementor-lightbox-title=\"Turco Urbanos\" data-elementor-lightbox-description=\"Urbanos - Peluquer\u00eda, barber\u00eda y Spa en Quito Ecuador \" data-e-action-hash=\"#elementor-action%3Aaction%3Dlightbox%26settings%3DeyJpZCI6OTU3LCJ1cmwiOiJodHRwczpcL1wvZGV2LnVyYmFub3NjbHViLmNvbVwvd3AtY29udGVudFwvdXBsb2Fkc1wvMjAyNFwvMDdcL0NhcHR1cmEtZGUtcGFudGFsbGEtMjAyNC0wNi0zMC1hLWxhcy0yMS4zOC4wNi5wbmciLCJzbGlkZXNob3ciOiI1YjRkMmYyIn0%3D\">\n\t\t\t\t\t<div class=\"e-gallery-image elementor-gallery-item__image\" data-thumbnail=\"https:\/\/dev.urbanosclub.com\/wp-content\/uploads\/2024\/07\/Captura-de-pantalla-2024-06-30-a-las-21.38.06-300x199.png\" data-width=\"300\" data-height=\"199\" aria-label=\"Ba\u00f1o de vapor para relajarse en Quito Ecuador\" role=\"img\" ><\/div>\n\t\t\t\t\t\t\t\t\t\t\t<div class=\"elementor-gallery-item__overlay\"><\/div>\n\t\t\t\t\t\t\t\t\t\t\t\t\t\t\t<div class=\"elementor-gallery-item__content\">\n\t\t\t\t\t\t\t\t\t\t\t\t\t\t<div class=\"elementor-gallery-item__title\">\n\t\t\t\t\t\t\t\t\t\t\t\t\t\t\t\t\t\tTurco Urbanos\t\t\t\t\t\t\t\t<\/div>\n\t\t\t\t\t\t\t\t\t\t\t\t<\/div>\n\t\t\t\t\t\t\t\t\t<\/a>\n\t\t\t\t\t\t\t<a class=\"e-gallery-item elementor-gallery-item elementor-animated-content\" href=\"https:\/\/dev.urbanosclub.com\/wp-content\/uploads\/2024\/07\/Captura-de-pantalla-2024-06-30-a-las-21.37.56.png\" data-elementor-open-lightbox=\"yes\" data-elementor-lightbox-slideshow=\"5b4d2f2\" data-elementor-lightbox-title=\"Sauna - Urbanos\" data-elementor-lightbox-description=\"Urbanos - Peluquer\u00eda, barber\u00eda y Spa en Quito Ecuador \" data-e-action-hash=\"#elementor-action%3Aaction%3Dlightbox%26settings%3DeyJpZCI6OTU2LCJ1cmwiOiJodHRwczpcL1wvZGV2LnVyYmFub3NjbHViLmNvbVwvd3AtY29udGVudFwvdXBsb2Fkc1wvMjAyNFwvMDdcL0NhcHR1cmEtZGUtcGFudGFsbGEtMjAyNC0wNi0zMC1hLWxhcy0yMS4zNy41Ni5wbmciLCJzbGlkZXNob3ciOiI1YjRkMmYyIn0%3D\">\n\t\t\t\t\t<div class=\"e-gallery-image elementor-gallery-item__image\" data-thumbnail=\"https:\/\/dev.urbanosclub.com\/wp-content\/uploads\/2024\/07\/Captura-de-pantalla-2024-06-30-a-las-21.37.56-300x199.png\" data-width=\"300\" data-height=\"199\" aria-label=\"Sauna en Urbanos\" role=\"img\" ><\/div>\n\t\t\t\t\t\t\t\t\t\t\t<div class=\"elementor-gallery-item__overlay\"><\/div>\n\t\t\t\t\t\t\t\t\t\t\t\t\t\t\t<div class=\"elementor-gallery-item__content\">\n\t\t\t\t\t\t\t\t\t\t\t\t\t\t<div class=\"elementor-gallery-item__title\">\n\t\t\t\t\t\t\t\t\t\t\t\t\t\t\t\t\t\tSauna - Urbanos\t\t\t\t\t\t\t\t<\/div>\n\t\t\t\t\t\t\t\t\t\t\t\t<\/div>\n\t\t\t\t\t\t\t\t\t<\/a>\n\t\t\t\t\t\t\t<a class=\"e-gallery-item elementor-gallery-item elementor-animated-content\" href=\"https:\/\/dev.urbanosclub.com\/wp-content\/uploads\/2024\/07\/Captura-de-pantalla-2024-06-30-a-las-21.37.46.png\" data-elementor-open-lightbox=\"yes\" data-elementor-lightbox-slideshow=\"5b4d2f2\" data-elementor-lightbox-title=\"Spa Urbanos\" data-elementor-lightbox-description=\"Masajes relajantes\" data-e-action-hash=\"#elementor-action%3Aaction%3Dlightbox%26settings%3DeyJpZCI6OTU1LCJ1cmwiOiJodHRwczpcL1wvZGV2LnVyYmFub3NjbHViLmNvbVwvd3AtY29udGVudFwvdXBsb2Fkc1wvMjAyNFwvMDdcL0NhcHR1cmEtZGUtcGFudGFsbGEtMjAyNC0wNi0zMC1hLWxhcy0yMS4zNy40Ni5wbmciLCJzbGlkZXNob3ciOiI1YjRkMmYyIn0%3D\">\n\t\t\t\t\t<div class=\"e-gallery-image elementor-gallery-item__image\" data-thumbnail=\"https:\/\/dev.urbanosclub.com\/wp-content\/uploads\/2024\/07\/Captura-de-pantalla-2024-06-30-a-las-21.37.46-300x199.png\" data-width=\"300\" data-height=\"199\" aria-label=\"Mejor Spa de Quito Ecuador\" role=\"img\" ><\/div>\n\t\t\t\t\t\t\t\t\t\t\t<div class=\"elementor-gallery-item__overlay\"><\/div>\n\t\t\t\t\t\t\t\t\t\t\t\t\t\t\t<div class=\"elementor-gallery-item__content\">\n\t\t\t\t\t\t\t\t\t\t\t\t\t\t<div class=\"elementor-gallery-item__title\">\n\t\t\t\t\t\t\t\t\t\t\t\t\t\t\t\t\t\tSpa Urbanos\t\t\t\t\t\t\t\t<\/div>\n\t\t\t\t\t\t\t\t\t\t\t\t<\/div>\n\t\t\t\t\t\t\t\t\t<\/a>\n\t\t\t\t\t\t\t<a class=\"e-gallery-item elementor-gallery-item elementor-animated-content\" href=\"https:\/\/dev.urbanosclub.com\/wp-content\/uploads\/2024\/07\/Captura-de-pantalla-2024-06-30-a-las-21.37.30.png\" data-elementor-open-lightbox=\"yes\" data-elementor-lightbox-slideshow=\"5b4d2f2\" data-elementor-lightbox-title=\"Jacuzzi Urbanos\" data-elementor-lightbox-description=\"Urbanos - Peluquer\u00eda, barber\u00eda y Spa en Quito Ecuador \" data-e-action-hash=\"#elementor-action%3Aaction%3Dlightbox%26settings%3DeyJpZCI6OTU0LCJ1cmwiOiJodHRwczpcL1wvZGV2LnVyYmFub3NjbHViLmNvbVwvd3AtY29udGVudFwvdXBsb2Fkc1wvMjAyNFwvMDdcL0NhcHR1cmEtZGUtcGFudGFsbGEtMjAyNC0wNi0zMC1hLWxhcy0yMS4zNy4zMC5wbmciLCJzbGlkZXNob3ciOiI1YjRkMmYyIn0%3D\">\n\t\t\t\t\t<div class=\"e-gallery-image elementor-gallery-item__image\" data-thumbnail=\"https:\/\/dev.urbanosclub.com\/wp-content\/uploads\/2024\/07\/Captura-de-pantalla-2024-06-30-a-las-21.37.30-300x200.png\" data-width=\"300\" data-height=\"200\" aria-label=\"Spa Quito Ecuador\" role=\"img\" ><\/div>\n\t\t\t\t\t\t\t\t\t\t\t<div class=\"elementor-gallery-item__overlay\"><\/div>\n\t\t\t\t\t\t\t\t\t\t\t\t\t\t\t<div class=\"elementor-gallery-item__content\">\n\t\t\t\t\t\t\t\t\t\t\t\t\t\t<div class=\"elementor-gallery-item__title\">\n\t\t\t\t\t\t\t\t\t\t\t\t\t\t\t\t\t\tJacuzzi Urbanos\t\t\t\t\t\t\t\t<\/div>\n\t\t\t\t\t\t\t\t\t\t\t\t<\/div>\n\t\t\t\t\t\t\t\t\t<\/a>\n\t\t\t\t\t\t\t<a class=\"e-gallery-item elementor-gallery-item elementor-animated-content\" href=\"https:\/\/dev.urbanosclub.com\/wp-content\/uploads\/2024\/07\/Captura-de-pantalla-2024-06-30-a-las-21.37.18.png\" data-elementor-open-lightbox=\"yes\" data-elementor-lightbox-slideshow=\"5b4d2f2\" data-elementor-lightbox-title=\"Manicure\" data-elementor-lightbox-description=\"Urbanos - Peluquer\u00eda, barber\u00eda y Spa en Quito Ecuador \" data-e-action-hash=\"#elementor-action%3Aaction%3Dlightbox%26settings%3DeyJpZCI6OTUzLCJ1cmwiOiJodHRwczpcL1wvZGV2LnVyYmFub3NjbHViLmNvbVwvd3AtY29udGVudFwvdXBsb2Fkc1wvMjAyNFwvMDdcL0NhcHR1cmEtZGUtcGFudGFsbGEtMjAyNC0wNi0zMC1hLWxhcy0yMS4zNy4xOC5wbmciLCJzbGlkZXNob3ciOiI1YjRkMmYyIn0%3D\">\n\t\t\t\t\t<div class=\"e-gallery-image elementor-gallery-item__image\" data-thumbnail=\"https:\/\/dev.urbanosclub.com\/wp-content\/uploads\/2024\/07\/Captura-de-pantalla-2024-06-30-a-las-21.37.18-300x200.png\" data-width=\"300\" data-height=\"200\" aria-label=\"Dise\u00f1o con la mejores t\u00e9cnicas para tus u\u00f1as en Urbanos\" role=\"img\" ><\/div>\n\t\t\t\t\t\t\t\t\t\t\t<div class=\"elementor-gallery-item__overlay\"><\/div>\n\t\t\t\t\t\t\t\t\t\t\t\t\t\t\t<div class=\"elementor-gallery-item__content\">\n\t\t\t\t\t\t\t\t\t\t\t\t\t\t<div class=\"elementor-gallery-item__title\">\n\t\t\t\t\t\t\t\t\t\t\t\t\t\t\t\t\t\tManicure\t\t\t\t\t\t\t\t<\/div>\n\t\t\t\t\t\t\t\t\t\t\t\t<\/div>\n\t\t\t\t\t\t\t\t\t<\/a>\n\t\t\t\t\t\t\t<a class=\"e-gallery-item elementor-gallery-item elementor-animated-content\" href=\"https:\/\/dev.urbanosclub.com\/wp-content\/uploads\/2024\/07\/Captura-de-pantalla-2024-06-30-a-las-21.37.09.png\" data-elementor-open-lightbox=\"yes\" data-elementor-lightbox-slideshow=\"5b4d2f2\" data-elementor-lightbox-title=\"Peluquer\u00eda y Barber\u00eda\" data-elementor-lightbox-description=\"Urbanos - Peluquer\u00eda, barber\u00eda y Spa en Quito Ecuador \" data-e-action-hash=\"#elementor-action%3Aaction%3Dlightbox%26settings%3DeyJpZCI6OTUyLCJ1cmwiOiJodHRwczpcL1wvZGV2LnVyYmFub3NjbHViLmNvbVwvd3AtY29udGVudFwvdXBsb2Fkc1wvMjAyNFwvMDdcL0NhcHR1cmEtZGUtcGFudGFsbGEtMjAyNC0wNi0zMC1hLWxhcy0yMS4zNy4wOS5wbmciLCJzbGlkZXNob3ciOiI1YjRkMmYyIn0%3D\">\n\t\t\t\t\t<div class=\"e-gallery-image elementor-gallery-item__image\" data-thumbnail=\"https:\/\/dev.urbanosclub.com\/wp-content\/uploads\/2024\/07\/Captura-de-pantalla-2024-06-30-a-las-21.37.09-300x199.png\" data-width=\"300\" data-height=\"199\" aria-label=\"Asesores de imagen profesional\" role=\"img\" ><\/div>\n\t\t\t\t\t\t\t\t\t\t\t<div class=\"elementor-gallery-item__overlay\"><\/div>\n\t\t\t\t\t\t\t\t\t\t\t\t\t\t\t<div class=\"elementor-gallery-item__content\">\n\t\t\t\t\t\t\t\t\t\t\t\t\t\t<div class=\"elementor-gallery-item__title\">\n\t\t\t\t\t\t\t\t\t\t\t\t\t\t\t\t\t\tPeluquer\u00eda y Barber\u00eda\t\t\t\t\t\t\t\t<\/div>\n\t\t\t\t\t\t\t\t\t\t\t\t<\/div>\n\t\t\t\t\t\t\t\t\t<\/a>\n\t\t\t\t\t\t\t<a class=\"e-gallery-item elementor-gallery-item elementor-animated-content\" href=\"https:\/\/dev.urbanosclub.com\/wp-content\/uploads\/2024\/07\/Captura-de-pantalla-2024-06-30-a-las-21.36.54.png\" data-elementor-open-lightbox=\"yes\" data-elementor-lightbox-slideshow=\"5b4d2f2\" data-elementor-lightbox-title=\"Estetica\" data-elementor-lightbox-description=\"Mejor estetica Quito Ecuador en Urbanos\" data-e-action-hash=\"#elementor-action%3Aaction%3Dlightbox%26settings%3DeyJpZCI6OTUxLCJ1cmwiOiJodHRwczpcL1wvZGV2LnVyYmFub3NjbHViLmNvbVwvd3AtY29udGVudFwvdXBsb2Fkc1wvMjAyNFwvMDdcL0NhcHR1cmEtZGUtcGFudGFsbGEtMjAyNC0wNi0zMC1hLWxhcy0yMS4zNi41NC5wbmciLCJzbGlkZXNob3ciOiI1YjRkMmYyIn0%3D\">\n\t\t\t\t\t<div class=\"e-gallery-image elementor-gallery-item__image\" data-thumbnail=\"https:\/\/dev.urbanosclub.com\/wp-content\/uploads\/2024\/07\/Captura-de-pantalla-2024-06-30-a-las-21.36.54-300x200.png\" data-width=\"300\" data-height=\"200\" aria-label=\"Limpieza faciales, masajes redutores y depilaci\u00f3n laser IPL\" role=\"img\" ><\/div>\n\t\t\t\t\t\t\t\t\t\t\t<div class=\"elementor-gallery-item__overlay\"><\/div>\n\t\t\t\t\t\t\t\t\t\t\t\t\t\t\t<div class=\"elementor-gallery-item__content\">\n\t\t\t\t\t\t\t\t\t\t\t\t\t\t<div class=\"elementor-gallery-item__title\">\n\t\t\t\t\t\t\t\t\t\t\t\t\t\t\t\t\t\tEstetica\t\t\t\t\t\t\t\t<\/div>\n\t\t\t\t\t\t\t\t\t\t\t\t<\/div>\n\t\t\t\t\t\t\t\t\t<\/a>\n\t\t\t\t\t\t\t<a class=\"e-gallery-item elementor-gallery-item elementor-animated-content\" href=\"https:\/\/dev.urbanosclub.com\/wp-content\/uploads\/2024\/07\/Captura-de-pantalla-2024-06-22-a-las-15.41.32.png\" data-elementor-open-lightbox=\"yes\" data-elementor-lightbox-slideshow=\"5b4d2f2\" data-elementor-lightbox-title=\"Peluquer\u00eda - Urbanos\" data-elementor-lightbox-description=\"Urbanos - Peluquer\u00eda, barber\u00eda y Spa en Quito Ecuador \" data-e-action-hash=\"#elementor-action%3Aaction%3Dlightbox%26settings%3DeyJpZCI6OTUwLCJ1cmwiOiJodHRwczpcL1wvZGV2LnVyYmFub3NjbHViLmNvbVwvd3AtY29udGVudFwvdXBsb2Fkc1wvMjAyNFwvMDdcL0NhcHR1cmEtZGUtcGFudGFsbGEtMjAyNC0wNi0yMi1hLWxhcy0xNS40MS4zMi5wbmciLCJzbGlkZXNob3ciOiI1YjRkMmYyIn0%3D\">\n\t\t\t\t\t<div class=\"e-gallery-image elementor-gallery-item__image\" data-thumbnail=\"https:\/\/dev.urbanosclub.com\/wp-content\/uploads\/2024\/07\/Captura-de-pantalla-2024-06-22-a-las-15.41.32-300x201.png\" data-width=\"300\" data-height=\"201\" aria-label=\"Mejor peluquer\u00eda en Quito\" role=\"img\" ><\/div>\n\t\t\t\t\t\t\t\t\t\t\t<div class=\"elementor-gallery-item__overlay\"><\/div>\n\t\t\t\t\t\t\t\t\t\t\t\t\t\t\t<div class=\"elementor-gallery-item__content\">\n\t\t\t\t\t\t\t\t\t\t\t\t\t\t<div class=\"elementor-gallery-item__title\">\n\t\t\t\t\t\t\t\t\t\t\t\t\t\t\t\t\t\tPeluquer\u00eda - Urbanos\t\t\t\t\t\t\t\t<\/div>\n\t\t\t\t\t\t\t\t\t\t\t\t<\/div>\n\t\t\t\t\t\t\t\t\t<\/a>\n\t\t\t\t\t\t\t<a class=\"e-gallery-item elementor-gallery-item elementor-animated-content\" href=\"https:\/\/dev.urbanosclub.com\/wp-content\/uploads\/2024\/07\/Captura-de-pantalla-2024-06-22-a-las-13.12.15.png\" data-elementor-open-lightbox=\"yes\" data-elementor-lightbox-slideshow=\"5b4d2f2\" data-elementor-lightbox-title=\"Camara de bronceado + Colageno\" data-elementor-lightbox-description=\"Urbanos - Peluquer\u00eda, barber\u00eda y Spa en Quito Ecuador \" data-e-action-hash=\"#elementor-action%3Aaction%3Dlightbox%26settings%3DeyJpZCI6OTQ3LCJ1cmwiOiJodHRwczpcL1wvZGV2LnVyYmFub3NjbHViLmNvbVwvd3AtY29udGVudFwvdXBsb2Fkc1wvMjAyNFwvMDdcL0NhcHR1cmEtZGUtcGFudGFsbGEtMjAyNC0wNi0yMi1hLWxhcy0xMy4xMi4xNS5wbmciLCJzbGlkZXNob3ciOiI1YjRkMmYyIn0%3D\">\n\t\t\t\t\t<div class=\"e-gallery-image elementor-gallery-item__image\" data-thumbnail=\"https:\/\/dev.urbanosclub.com\/wp-content\/uploads\/2024\/07\/Captura-de-pantalla-2024-06-22-a-las-13.12.15-223x300.png\" data-width=\"223\" data-height=\"300\" aria-label=\"Solarium Quito Ecuador en Urbanos\" role=\"img\" ><\/div>\n\t\t\t\t\t\t\t\t\t\t\t<div class=\"elementor-gallery-item__overlay\"><\/div>\n\t\t\t\t\t\t\t\t\t\t\t\t\t\t\t<div class=\"elementor-gallery-item__content\">\n\t\t\t\t\t\t\t\t\t\t\t\t\t\t<div class=\"elementor-gallery-item__title\">\n\t\t\t\t\t\t\t\t\t\t\t\t\t\t\t\t\t\tCamara de bronceado + Colageno\t\t\t\t\t\t\t\t<\/div>\n\t\t\t\t\t\t\t\t\t\t\t\t<\/div>\n\t\t\t\t\t\t\t\t\t<\/a>\n\t\t\t\t\t\t\t<a class=\"e-gallery-item elementor-gallery-item elementor-animated-content\" href=\"https:\/\/dev.urbanosclub.com\/wp-content\/uploads\/2024\/07\/Captura-de-pantalla-2024-06-22-a-las-13.13.04.png\" data-elementor-open-lightbox=\"yes\" data-elementor-lightbox-slideshow=\"5b4d2f2\" data-elementor-lightbox-title=\"Dise\u00f1o de color\" data-elementor-lightbox-description=\"Urbanos - Peluquer\u00eda, barber\u00eda y Spa en Quito Ecuador \" data-e-action-hash=\"#elementor-action%3Aaction%3Dlightbox%26settings%3DeyJpZCI6OTQ5LCJ1cmwiOiJodHRwczpcL1wvZGV2LnVyYmFub3NjbHViLmNvbVwvd3AtY29udGVudFwvdXBsb2Fkc1wvMjAyNFwvMDdcL0NhcHR1cmEtZGUtcGFudGFsbGEtMjAyNC0wNi0yMi1hLWxhcy0xMy4xMy4wNC5wbmciLCJzbGlkZXNob3ciOiI1YjRkMmYyIn0%3D\">\n\t\t\t\t\t<div class=\"e-gallery-image elementor-gallery-item__image\" data-thumbnail=\"https:\/\/dev.urbanosclub.com\/wp-content\/uploads\/2024\/07\/Captura-de-pantalla-2024-06-22-a-las-13.13.04-243x300.png\" data-width=\"243\" data-height=\"300\" aria-label=\"Mejores coloristas de cabello de Quito Ecuador\" role=\"img\" ><\/div>\n\t\t\t\t\t\t\t\t\t\t\t<div class=\"elementor-gallery-item__overlay\"><\/div>\n\t\t\t\t\t\t\t\t\t\t\t\t\t\t\t<div class=\"elementor-gallery-item__content\">\n\t\t\t\t\t\t\t\t\t\t\t\t\t\t<div class=\"elementor-gallery-item__title\">\n\t\t\t\t\t\t\t\t\t\t\t\t\t\t\t\t\t\tDise\u00f1o de color\t\t\t\t\t\t\t\t<\/div>\n\t\t\t\t\t\t\t\t\t\t\t\t<\/div>\n\t\t\t\t\t\t\t\t\t<\/a>\n\t\t\t\t\t\t\t<a class=\"e-gallery-item elementor-gallery-item elementor-animated-content\" href=\"https:\/\/dev.urbanosclub.com\/wp-content\/uploads\/2024\/05\/DSC2255-_1_-scaled.webp\" data-elementor-open-lightbox=\"yes\" data-elementor-lightbox-slideshow=\"5b4d2f2\" data-elementor-lightbox-title=\"Urbanos profesional\" data-elementor-lightbox-description=\"Instalaciones Urbanos -peluquer\u00eda - barber\u00eda - Spa\" data-e-action-hash=\"#elementor-action%3Aaction%3Dlightbox%26settings%3DeyJpZCI6NTUsInVybCI6Imh0dHBzOlwvXC9kZXYudXJiYW5vc2NsdWIuY29tXC93cC1jb250ZW50XC91cGxvYWRzXC8yMDI0XC8wNVwvRFNDMjI1NS1fMV8tc2NhbGVkLndlYnAiLCJzbGlkZXNob3ciOiI1YjRkMmYyIn0%3D\">\n\t\t\t\t\t<div class=\"e-gallery-image elementor-gallery-item__image\" data-thumbnail=\"https:\/\/dev.urbanosclub.com\/wp-content\/uploads\/2024\/05\/DSC2255-_1_-300x192.webp\" data-width=\"300\" data-height=\"192\" aria-label=\"Instalaciones Urbanos -peluquer\u00eda - barber\u00eda - Spa\" role=\"img\" ><\/div>\n\t\t\t\t\t\t\t\t\t\t\t<div class=\"elementor-gallery-item__overlay\"><\/div>\n\t\t\t\t\t\t\t\t\t\t\t\t\t\t\t<div class=\"elementor-gallery-item__content\">\n\t\t\t\t\t\t\t\t\t\t\t\t\t\t<div class=\"elementor-gallery-item__title\">\n\t\t\t\t\t\t\t\t\t\t\t\t\t\t\t\t\t\tUrbanos profesional\t\t\t\t\t\t\t\t<\/div>\n\t\t\t\t\t\t\t\t\t\t\t\t<\/div>\n\t\t\t\t\t\t\t\t\t<\/a>\n\t\t\t\t\t\t\t<a class=\"e-gallery-item elementor-gallery-item elementor-animated-content\" href=\"https:\/\/dev.urbanosclub.com\/wp-content\/uploads\/2024\/05\/IMG_0803-edit-scaled.webp\" data-elementor-open-lightbox=\"yes\" data-elementor-lightbox-slideshow=\"5b4d2f2\" data-elementor-lightbox-title=\"Tratamientos capilares\" data-elementor-lightbox-description=\"Instalaciones Urbanos -peluquer\u00eda - barber\u00eda - Spa\" data-e-action-hash=\"#elementor-action%3Aaction%3Dlightbox%26settings%3DeyJpZCI6NTYsInVybCI6Imh0dHBzOlwvXC9kZXYudXJiYW5vc2NsdWIuY29tXC93cC1jb250ZW50XC91cGxvYWRzXC8yMDI0XC8wNVwvSU1HXzA4MDMtZWRpdC1zY2FsZWQud2VicCIsInNsaWRlc2hvdyI6IjViNGQyZjIifQ%3D%3D\">\n\t\t\t\t\t<div class=\"e-gallery-image elementor-gallery-item__image\" data-thumbnail=\"https:\/\/dev.urbanosclub.com\/wp-content\/uploads\/2024\/05\/IMG_0803-edit-300x225.webp\" data-width=\"300\" data-height=\"225\" aria-label=\"Instalaciones Urbanos -peluquer\u00eda - barber\u00eda - Spa\" role=\"img\" ><\/div>\n\t\t\t\t\t\t\t\t\t\t\t<div class=\"elementor-gallery-item__overlay\"><\/div>\n\t\t\t\t\t\t\t\t\t\t\t\t\t\t\t<div class=\"elementor-gallery-item__content\">\n\t\t\t\t\t\t\t\t\t\t\t\t\t\t<div class=\"elementor-gallery-item__title\">\n\t\t\t\t\t\t\t\t\t\t\t\t\t\t\t\t\t\tTratamientos capilares\t\t\t\t\t\t\t\t<\/div>\n\t\t\t\t\t\t\t\t\t\t\t\t<\/div>\n\t\t\t\t\t\t\t\t\t<\/a>\n\t\t\t\t\t<\/div>\n\t\t\t\t\t<\/div>\n\t\t\t\t<\/div>\n\t\t\t\t\t<\/div>\n\t\t\t\t<\/div>\n\t\t\t\t\t<\/div>\n\t\t\t\t<\/div>\n\t\t<div class=\"elementor-element elementor-element-86e4273 e-flex e-con-boxed e-con e-child\" data-id=\"86e4273\" data-element_type=\"container\" data-settings=\"{&quot;background_background&quot;:&quot;classic&quot;,&quot;jet_parallax_layout_list&quot;:[]}\">\n\t\t\t\t\t<div class=\"e-con-inner\">\n\t\t<div class=\"elementor-element elementor-element-3cbe3ce e-flex e-con-boxed e-con e-child\" data-id=\"3cbe3ce\" data-element_type=\"container\" data-settings=\"{&quot;jet_parallax_layout_list&quot;:[]}\">\n\t\t\t\t\t<div class=\"e-con-inner\">\n\t\t\t\t<div class=\"elementor-element elementor-element-4f5cd5e elementor-widget elementor-widget-heading\" data-id=\"4f5cd5e\" data-element_type=\"widget\" data-widget_type=\"heading.default\">\n\t\t\t\t<div class=\"elementor-widget-container\">\n\t\t\t\t\t<h2 class=\"elementor-heading-title elementor-size-default\">Testimonios<\/h2>\t\t\t\t<\/div>\n\t\t\t\t<\/div>\n\t\t\t\t<div class=\"elementor-element elementor-element-823e23e elementor-widget elementor-widget-text-editor\" data-id=\"823e23e\" data-element_type=\"widget\" data-widget_type=\"text-editor.default\">\n\t\t\t\t<div class=\"elementor-widget-container\">\n\t\t\t\t\t\t\t\t\t<p>Tu opinion es importante para nosotros<\/p>\t\t\t\t\t\t\t\t<\/div>\n\t\t\t\t<\/div>\n\t\t\t\t\t<\/div>\n\t\t\t\t<\/div>\n\t\t<div class=\"elementor-element elementor-element-bbecd2e e-flex e-con-boxed e-con e-child\" data-id=\"bbecd2e\" data-element_type=\"container\" data-settings=\"{&quot;jet_parallax_layout_list&quot;:[]}\">\n\t\t\t\t\t<div class=\"e-con-inner\">\n\t\t\t\t<div class=\"elementor-element elementor-element-1a9ea5c elementor-widget elementor-widget-jet-testimonials\" data-id=\"1a9ea5c\" data-element_type=\"widget\" data-settings=\"{&quot;slides_to_show&quot;:&quot;2&quot;,&quot;slides_to_show_mobile&quot;:&quot;1&quot;,&quot;slides_to_scroll&quot;:&quot;1&quot;}\" data-widget_type=\"jet-testimonials.default\">\n\t\t\t\t<div class=\"elementor-widget-container\">\n\t\t\t\t\t<div class=\"elementor-jet-testimonials jet-elements\">\n<div class=\"jet-testimonials jet-equal-cols\">\n\t<div class=\"jet-testimonials__instance elementor-slick-slider\" data-settings='{\"autoplaySpeed\":5000,\"autoplay\":true,\"infinite\":true,\"centerMode\":true,\"centerPadding\":\"50px\",\"adaptiveHeight\":true,\"pauseOnHover\":false,\"speed\":500,\"arrows\":false,\"dots\":true,\"slidesToScroll\":1,\"prevArrow\":\".jet-testimonial__prev-arrow-1a9ea5c\",\"nextArrow\":\".jet-testimonial__next-arrow-1a9ea5c\",\"rtl\":false}' dir=\"ltr\"><div class=\"jet-testimonials__item\">\n\t<div class=\"jet-testimonials__item-inner\">\n\t\t<div class=\"jet-testimonials__content\"><div class=\"jet-testimonials__comment\">Urbanos entendi\u00f3 mi estilo y potenci\u00f3 mi imagen con un look fresco y natural. \u00a1Me siento aut\u00e9ntica y radiante!<\/div><div class=\"jet-testimonials__name\"><span>Mariana L\u00f3pez<\/span><\/div><div class=\"jet-testimonials__position\"><span>Dise\u00f1adora de Moda<\/span><\/div><div class=\"jet-testimonials__date\"><span>12 de febrero de 2025<\/span><\/div><\/div>\n\t<\/div>\n<\/div>\n\n<div class=\"jet-testimonials__item\">\n\t<div class=\"jet-testimonials__item-inner\">\n\t\t<div class=\"jet-testimonials__content\"><div class=\"jet-testimonials__comment\">Mi corte en la barber\u00eda refleja profesionalismo y confianza. Justo lo que necesito para impactar en cada reuni\u00f3n<\/div><div class=\"jet-testimonials__name\"><span>Carlos M\u00e9ndez<\/span><\/div><div class=\"jet-testimonials__position\"><span>Ejecutivo de Ventas<\/span><\/div><div class=\"jet-testimonials__date\"><span>20 de enero de 2025<\/span><\/div><\/div>\n\t<\/div>\n<\/div>\n\n<div class=\"jet-testimonials__item\">\n\t<div class=\"jet-testimonials__item-inner\">\n\t\t<div class=\"jet-testimonials__content\"><div class=\"jet-testimonials__comment\">Mi cabello recuper\u00f3 su brillo natural sin qu\u00edmicos agresivos. \u00a1Urbanos es justo lo que buscaba!<\/div><div class=\"jet-testimonials__name\"><span>Sof\u00eda Ram\u00edrez<\/span><\/div><div class=\"jet-testimonials__position\"><span>Fot\u00f3grafa<\/span><\/div><div class=\"jet-testimonials__date\"><span>5 de marzo de 2025<\/span><\/div><\/div>\n\t<\/div>\n<\/div>\n\n<div class=\"jet-testimonials__item\">\n\t<div class=\"jet-testimonials__item-inner\">\n\t\t<div class=\"jet-testimonials__content\"><div class=\"jet-testimonials__comment\">El masaje relajante y la c\u00e1mara de bronceado me renovaron por completo. \u00a1Un lugar pensado para el bienestar!<\/div><div class=\"jet-testimonials__name\"><span>Javier Torres<\/span><\/div><div class=\"jet-testimonials__position\"><span>Entrenador Personal<\/span><\/div><div class=\"jet-testimonials__date\"><span>8 de febrero de 2025<\/span><\/div><\/div>\n\t<\/div>\n<\/div>\n\n<div class=\"jet-testimonials__item\">\n\t<div class=\"jet-testimonials__item-inner\">\n\t\t<div class=\"jet-testimonials__content\"><div class=\"jet-testimonials__comment\">Un servicio impecable. Mi manicura es sutil y elegante, perfecta para proyectar confianza y profesionalismo.<\/div><div class=\"jet-testimonials__name\"><span>Camila Herrera<\/span><\/div><div class=\"jet-testimonials__position\"><span>Abogada<\/span><\/div><div class=\"jet-testimonials__date\"><span>15 de enero de 2025<\/span><\/div><\/div>\n\t<\/div>\n<\/div>\n\n<div class=\"jet-testimonials__item\">\n\t<div class=\"jet-testimonials__item-inner\">\n\t\t<div class=\"jet-testimonials__content\"><div class=\"jet-testimonials__comment\">Me ayudaron a encontrar un estilo moderno y sin esfuerzo. Me veo bien sin perder mi esencia.<\/div><div class=\"jet-testimonials__name\"><span>Fernando R\u00edos<\/span><\/div><div class=\"jet-testimonials__position\"><span>Arquitecto<\/span><\/div><div class=\"jet-testimonials__date\"><span> 22 de enero de 2025<\/span><\/div><\/div>\n\t<\/div>\n<\/div>\n\n<\/div>\n<\/div>\n<\/div>\t\t\t\t<\/div>\n\t\t\t\t<\/div>\n\t\t\t\t\t<\/div>\n\t\t\t\t<\/div>\n\t\t\t\t\t<\/div>\n\t\t\t\t<\/div>\n\t\t<div class=\"elementor-element elementor-element-1123843 e-flex e-con-boxed e-con e-child\" data-id=\"1123843\" data-element_type=\"container\" data-settings=\"{&quot;jet_parallax_layout_list&quot;:[]}\">\n\t\t\t\t\t<div class=\"e-con-inner\">\n\t\t<div class=\"elementor-element elementor-element-3d11cd2 e-flex e-con-boxed e-con e-child\" data-id=\"3d11cd2\" data-element_type=\"container\" data-settings=\"{&quot;jet_parallax_layout_list&quot;:[]}\">\n\t\t\t\t\t<div class=\"e-con-inner\">\n\t\t\t\t<div class=\"elementor-element elementor-element-eb849d8 elementor-widget elementor-widget-heading\" data-id=\"eb849d8\" data-element_type=\"widget\" data-widget_type=\"heading.default\">\n\t\t\t\t<div class=\"elementor-widget-container\">\n\t\t\t\t\t<h2 class=\"elementor-heading-title elementor-size-default\">Booking<\/h2>\t\t\t\t<\/div>\n\t\t\t\t<\/div>\n\t\t\t\t<div class=\"elementor-element elementor-element-5feb891 elementor-widget elementor-widget-text-editor\" data-id=\"5feb891\" data-element_type=\"widget\" data-widget_type=\"text-editor.default\">\n\t\t\t\t<div class=\"elementor-widget-container\">\n\t\t\t\t\t\t\t\t\t<p>Hazlo tu mismo y gana tiempo, elige el servicio el profesional y listo<\/p>\t\t\t\t\t\t\t\t<\/div>\n\t\t\t\t<\/div>\n\t\t\t\t<div class=\"elementor-element elementor-element-e46fe0a elementor-widget elementor-widget-image\" data-id=\"e46fe0a\" data-element_type=\"widget\" data-widget_type=\"image.default\">\n\t\t\t\t<div class=\"elementor-widget-container\">\n\t\t\t\t\t\t\t\t\t\t\t\t\t\t\t<img decoding=\"async\" src=\"https:\/\/dev.urbanosclub.com\/wp-content\/plugins\/elementor\/assets\/images\/placeholder.png\" title=\"\" alt=\"\" loading=\"lazy\" \/>\t\t\t\t\t\t\t\t\t\t\t\t\t\t\t<\/div>\n\t\t\t\t<\/div>\n\t\t\t\t\t<\/div>\n\t\t\t\t<\/div>\n\t\t\t\t\t<\/div>\n\t\t\t\t<\/div>\n\t\t\t\t<\/div>\n\t\t\t\t<\/div>\n\t\t","protected":false},"excerpt":{"rendered":"<p>Somos Urbanos el primer centro de belleza org\u00e1nico en Ecuador. Reservas Reservar ahora WhatsApp Ver horarios Direcci\u00f3n Google maps La Tierra E10-08 y Juan de Alc\u00e1ntara (Quito -Ecuador) Urbanos, con m\u00e1s de 15 a\u00f1os en Quito, es un centro de belleza integral donde tu imagen refleja qui\u00e9n eres. Con un enfoque natural y sin qu\u00edmicos [&hellip;]<\/p>\n","protected":false},"author":1,"featured_media":0,"parent":0,"menu_order":0,"comment_status":"closed","ping_status":"closed","template":"","meta":{"_acf_changed":false,"footnotes":""},"class_list":["post-149","page","type-page","status-publish","hentry"],"acf":[],"yoast_head":"<!-- This site is optimized with the Yoast SEO plugin v26.4 - https:\/\/yoast.com\/wordpress\/plugins\/seo\/ -->\n<title>Inicio - Urbanos<\/title>\n<meta name=\"robots\" content=\"index, follow, max-snippet:-1, max-image-preview:large, max-video-preview:-1\" \/>\n<link rel=\"canonical\" href=\"https:\/\/dev.urbanosclub.com\/?page_id=149\" \/>\n<meta property=\"og:locale\" content=\"es_ES\" \/>\n<meta property=\"og:type\" content=\"article\" \/>\n<meta property=\"og:title\" content=\"Inicio - Urbanos\" \/>\n<meta property=\"og:description\" content=\"Somos Urbanos el primer centro de belleza org\u00e1nico en Ecuador. Reservas Reservar ahora WhatsApp Ver horarios Direcci\u00f3n Google maps La Tierra E10-08 y Juan de Alc\u00e1ntara (Quito -Ecuador) Urbanos, con m\u00e1s de 15 a\u00f1os en Quito, es un centro de belleza integral donde tu imagen refleja qui\u00e9n eres. Con un enfoque natural y sin qu\u00edmicos [&hellip;]\" \/>\n<meta property=\"og:url\" content=\"https:\/\/dev.urbanosclub.com\/?page_id=149\" \/>\n<meta property=\"og:site_name\" content=\"Urbanos\" \/>\n<meta property=\"article:modified_time\" content=\"2025-03-10T05:29:37+00:00\" \/>\n<meta property=\"og:image\" content=\"https:\/\/dev.urbanosclub.com\/wp-content\/uploads\/elementor\/thumbs\/Schwarzkopf-qoznfw4ul19lwovff0kni46s8to08qb5u67u6km8z8.png\" \/>\n<meta name=\"twitter:card\" content=\"summary_large_image\" \/>\n<meta name=\"twitter:label1\" content=\"Tiempo de lectura\" \/>\n\t<meta name=\"twitter:data1\" content=\"7 minutos\" \/>\n<script type=\"application\/ld+json\" class=\"yoast-schema-graph\">{\"@context\":\"https:\/\/schema.org\",\"@graph\":[{\"@type\":\"WebPage\",\"@id\":\"https:\/\/dev.urbanosclub.com\/?page_id=149\",\"url\":\"https:\/\/dev.urbanosclub.com\/?page_id=149\",\"name\":\"Inicio - Urbanos\",\"isPartOf\":{\"@id\":\"https:\/\/dev.urbanosclub.com\/#website\"},\"primaryImageOfPage\":{\"@id\":\"https:\/\/dev.urbanosclub.com\/?page_id=149#primaryimage\"},\"image\":{\"@id\":\"https:\/\/dev.urbanosclub.com\/?page_id=149#primaryimage\"},\"thumbnailUrl\":\"https:\/\/dev.urbanosclub.com\/wp-content\/uploads\/elementor\/thumbs\/Schwarzkopf-qoznfw4ul19lwovff0kni46s8to08qb5u67u6km8z8.png\",\"datePublished\":\"2024-05-31T22:16:41+00:00\",\"dateModified\":\"2025-03-10T05:29:37+00:00\",\"breadcrumb\":{\"@id\":\"https:\/\/dev.urbanosclub.com\/?page_id=149#breadcrumb\"},\"inLanguage\":\"es\",\"potentialAction\":[{\"@type\":\"ReadAction\",\"target\":[\"https:\/\/dev.urbanosclub.com\/?page_id=149\"]}]},{\"@type\":\"ImageObject\",\"inLanguage\":\"es\",\"@id\":\"https:\/\/dev.urbanosclub.com\/?page_id=149#primaryimage\",\"url\":\"https:\/\/dev.urbanosclub.com\/wp-content\/uploads\/elementor\/thumbs\/Schwarzkopf-qoznfw4ul19lwovff0kni46s8to08qb5u67u6km8z8.png\",\"contentUrl\":\"https:\/\/dev.urbanosclub.com\/wp-content\/uploads\/elementor\/thumbs\/Schwarzkopf-qoznfw4ul19lwovff0kni46s8to08qb5u67u6km8z8.png\"},{\"@type\":\"BreadcrumbList\",\"@id\":\"https:\/\/dev.urbanosclub.com\/?page_id=149#breadcrumb\",\"itemListElement\":[{\"@type\":\"ListItem\",\"position\":1,\"name\":\"Portada\",\"item\":\"https:\/\/dev.urbanosclub.com\/\"},{\"@type\":\"ListItem\",\"position\":2,\"name\":\"Inicio\"}]},{\"@type\":\"WebSite\",\"@id\":\"https:\/\/dev.urbanosclub.com\/#website\",\"url\":\"https:\/\/dev.urbanosclub.com\/\",\"name\":\"Urbanos\",\"description\":\"Peluquer\u00eda, Barber\u00eda y Spa\",\"publisher\":{\"@id\":\"https:\/\/dev.urbanosclub.com\/#organization\"},\"potentialAction\":[{\"@type\":\"SearchAction\",\"target\":{\"@type\":\"EntryPoint\",\"urlTemplate\":\"https:\/\/dev.urbanosclub.com\/?s={search_term_string}\"},\"query-input\":{\"@type\":\"PropertyValueSpecification\",\"valueRequired\":true,\"valueName\":\"search_term_string\"}}],\"inLanguage\":\"es\"},{\"@type\":\"Organization\",\"@id\":\"https:\/\/dev.urbanosclub.com\/#organization\",\"name\":\"Urbanos\",\"url\":\"https:\/\/dev.urbanosclub.com\/\",\"logo\":{\"@type\":\"ImageObject\",\"inLanguage\":\"es\",\"@id\":\"https:\/\/dev.urbanosclub.com\/#\/schema\/logo\/image\/\",\"url\":\"https:\/\/dev.urbanosclub.com\/wp-content\/uploads\/2024\/05\/Logo-Urbanos-_negro_-1-e1717124985821.webp\",\"contentUrl\":\"https:\/\/dev.urbanosclub.com\/wp-content\/uploads\/2024\/05\/Logo-Urbanos-_negro_-1-e1717124985821.webp\",\"width\":1230,\"height\":678,\"caption\":\"Urbanos\"},\"image\":{\"@id\":\"https:\/\/dev.urbanosclub.com\/#\/schema\/logo\/image\/\"}}]}<\/script>\n<!-- \/ Yoast SEO plugin. -->","yoast_head_json":{"title":"Inicio - Urbanos","robots":{"index":"index","follow":"follow","max-snippet":"max-snippet:-1","max-image-preview":"max-image-preview:large","max-video-preview":"max-video-preview:-1"},"canonical":"https:\/\/dev.urbanosclub.com\/?page_id=149","og_locale":"es_ES","og_type":"article","og_title":"Inicio - Urbanos","og_description":"Somos Urbanos el primer centro de belleza org\u00e1nico en Ecuador. Reservas Reservar ahora WhatsApp Ver horarios Direcci\u00f3n Google maps La Tierra E10-08 y Juan de Alc\u00e1ntara (Quito -Ecuador) Urbanos, con m\u00e1s de 15 a\u00f1os en Quito, es un centro de belleza integral donde tu imagen refleja qui\u00e9n eres. Con un enfoque natural y sin qu\u00edmicos [&hellip;]","og_url":"https:\/\/dev.urbanosclub.com\/?page_id=149","og_site_name":"Urbanos","article_modified_time":"2025-03-10T05:29:37+00:00","og_image":[{"url":"https:\/\/dev.urbanosclub.com\/wp-content\/uploads\/elementor\/thumbs\/Schwarzkopf-qoznfw4ul19lwovff0kni46s8to08qb5u67u6km8z8.png","type":"","width":"","height":""}],"twitter_card":"summary_large_image","twitter_misc":{"Tiempo de lectura":"7 minutos"},"schema":{"@context":"https:\/\/schema.org","@graph":[{"@type":"WebPage","@id":"https:\/\/dev.urbanosclub.com\/?page_id=149","url":"https:\/\/dev.urbanosclub.com\/?page_id=149","name":"Inicio - Urbanos","isPartOf":{"@id":"https:\/\/dev.urbanosclub.com\/#website"},"primaryImageOfPage":{"@id":"https:\/\/dev.urbanosclub.com\/?page_id=149#primaryimage"},"image":{"@id":"https:\/\/dev.urbanosclub.com\/?page_id=149#primaryimage"},"thumbnailUrl":"https:\/\/dev.urbanosclub.com\/wp-content\/uploads\/elementor\/thumbs\/Schwarzkopf-qoznfw4ul19lwovff0kni46s8to08qb5u67u6km8z8.png","datePublished":"2024-05-31T22:16:41+00:00","dateModified":"2025-03-10T05:29:37+00:00","breadcrumb":{"@id":"https:\/\/dev.urbanosclub.com\/?page_id=149#breadcrumb"},"inLanguage":"es","potentialAction":[{"@type":"ReadAction","target":["https:\/\/dev.urbanosclub.com\/?page_id=149"]}]},{"@type":"ImageObject","inLanguage":"es","@id":"https:\/\/dev.urbanosclub.com\/?page_id=149#primaryimage","url":"https:\/\/dev.urbanosclub.com\/wp-content\/uploads\/elementor\/thumbs\/Schwarzkopf-qoznfw4ul19lwovff0kni46s8to08qb5u67u6km8z8.png","contentUrl":"https:\/\/dev.urbanosclub.com\/wp-content\/uploads\/elementor\/thumbs\/Schwarzkopf-qoznfw4ul19lwovff0kni46s8to08qb5u67u6km8z8.png"},{"@type":"BreadcrumbList","@id":"https:\/\/dev.urbanosclub.com\/?page_id=149#breadcrumb","itemListElement":[{"@type":"ListItem","position":1,"name":"Portada","item":"https:\/\/dev.urbanosclub.com\/"},{"@type":"ListItem","position":2,"name":"Inicio"}]},{"@type":"WebSite","@id":"https:\/\/dev.urbanosclub.com\/#website","url":"https:\/\/dev.urbanosclub.com\/","name":"Urbanos","description":"Peluquer\u00eda, Barber\u00eda y Spa","publisher":{"@id":"https:\/\/dev.urbanosclub.com\/#organization"},"potentialAction":[{"@type":"SearchAction","target":{"@type":"EntryPoint","urlTemplate":"https:\/\/dev.urbanosclub.com\/?s={search_term_string}"},"query-input":{"@type":"PropertyValueSpecification","valueRequired":true,"valueName":"search_term_string"}}],"inLanguage":"es"},{"@type":"Organization","@id":"https:\/\/dev.urbanosclub.com\/#organization","name":"Urbanos","url":"https:\/\/dev.urbanosclub.com\/","logo":{"@type":"ImageObject","inLanguage":"es","@id":"https:\/\/dev.urbanosclub.com\/#\/schema\/logo\/image\/","url":"https:\/\/dev.urbanosclub.com\/wp-content\/uploads\/2024\/05\/Logo-Urbanos-_negro_-1-e1717124985821.webp","contentUrl":"https:\/\/dev.urbanosclub.com\/wp-content\/uploads\/2024\/05\/Logo-Urbanos-_negro_-1-e1717124985821.webp","width":1230,"height":678,"caption":"Urbanos"},"image":{"@id":"https:\/\/dev.urbanosclub.com\/#\/schema\/logo\/image\/"}}]}},"_links":{"self":[{"href":"https:\/\/dev.urbanosclub.com\/index.php?rest_route=\/wp\/v2\/pages\/149","targetHints":{"allow":["GET"]}}],"collection":[{"href":"https:\/\/dev.urbanosclub.com\/index.php?rest_route=\/wp\/v2\/pages"}],"about":[{"href":"https:\/\/dev.urbanosclub.com\/index.php?rest_route=\/wp\/v2\/types\/page"}],"author":[{"embeddable":true,"href":"https:\/\/dev.urbanosclub.com\/index.php?rest_route=\/wp\/v2\/users\/1"}],"replies":[{"embeddable":true,"href":"https:\/\/dev.urbanosclub.com\/index.php?rest_route=%2Fwp%2Fv2%2Fcomments&post=149"}],"version-history":[{"count":214,"href":"https:\/\/dev.urbanosclub.com\/index.php?rest_route=\/wp\/v2\/pages\/149\/revisions"}],"predecessor-version":[{"id":1160,"href":"https:\/\/dev.urbanosclub.com\/index.php?rest_route=\/wp\/v2\/pages\/149\/revisions\/1160"}],"wp:attachment":[{"href":"https:\/\/dev.urbanosclub.com\/index.php?rest_route=%2Fwp%2Fv2%2Fmedia&parent=149"}],"curies":[{"name":"wp","href":"https:\/\/api.w.org\/{rel}","templated":true}]}}